{"version":"1.0","provider_name":"Unitat d'Aran","provider_url":"https:\/\/unitatdaran.org\/es\/","author_name":"Unitat d'Aran","author_url":"https:\/\/unitatdaran.org\/es\/author\/admin\/","title":"Entrevista a Andreu Cort\u00e9s - Unitat d'Aran","type":"rich","width":600,"height":338,"html":"<blockquote class=\"wp-embedded-content\" data-secret=\"zesSquYoqN\"><a href=\"https:\/\/unitatdaran.org\/es\/eleccions-2019\/entrevista-a-andreu-cortes-cat\/\">Entrevista a Andreu Cort\u00e9s<\/a><\/blockquote><iframe sandbox=\"allow-scripts\" security=\"restricted\" src=\"https:\/\/unitatdaran.org\/es\/eleccions-2019\/entrevista-a-andreu-cortes-cat\/embed\/#?secret=zesSquYoqN\" width=\"600\" height=\"338\" title=\"\u00abEntrevista a Andreu Cort\u00e9s\u00bb \u2014 Unitat d&#039;Aran\" data-secret=\"zesSquYoqN\" frameborder=\"0\" marginwidth=\"0\" marginheight=\"0\" scrolling=\"no\" class=\"wp-embedded-content\"><\/iframe><script>\n\/*! This file is auto-generated *\/\n!function(d,l){\"use strict\";l.querySelector&&d.addEventListener&&\"undefined\"!=typeof URL&&(d.wp=d.wp||{},d.wp.receiveEmbedMessage||(d.wp.receiveEmbedMessage=function(e){var t=e.data;if((t||t.secret||t.message||t.value)&&!\/[^a-zA-Z0-9]\/.test(t.secret)){for(var s,r,n,a=l.querySelectorAll('iframe[data-secret=\"'+t.secret+'\"]'),o=l.querySelectorAll('blockquote[data-secret=\"'+t.secret+'\"]'),c=new RegExp(\"^https?:$\",\"i\"),i=0;i<o.length;i++)o[i].style.display=\"none\";for(i=0;i<a.length;i++)s=a[i],e.source===s.contentWindow&&(s.removeAttribute(\"style\"),\"height\"===t.message?(1e3<(r=parseInt(t.value,10))?r=1e3:~~r<200&&(r=200),s.height=r):\"link\"===t.message&&(r=new URL(s.getAttribute(\"src\")),n=new URL(t.value),c.test(n.protocol))&&n.host===r.host&&l.activeElement===s&&(d.top.location.href=t.value))}},d.addEventListener(\"message\",d.wp.receiveEmbedMessage,!1),l.addEventListener(\"DOMContentLoaded\",function(){for(var e,t,s=l.querySelectorAll(\"iframe.wp-embedded-content\"),r=0;r<s.length;r++)(t=(e=s[r]).getAttribute(\"data-secret\"))||(t=Math.random().toString(36).substring(2,12),e.src+=\"#?secret=\"+t,e.setAttribute(\"data-secret\",t)),e.contentWindow.postMessage({message:\"ready\",secret:t},\"*\")},!1)))}(window,document);\n\/\/# sourceURL=https:\/\/unitatdaran.org\/wp-includes\/js\/wp-embed.min.js\n<\/script>\n","description":"Qu\u00e8 t&#8217;impulsa a presentar-te de nou com a candidat a l&#8217;alcaldia de Les? Ha estat una decisi\u00f3 molt meditada a causa de la gran responsabilitat que suposa ser alcalde, per\u00f2 mantenint el mateix nivell de comprom\u00eds que fa quatre anys, ja que les l\u00ednies de treball adoptades en diversos \u00e0mbits es veuen recompensades amb concessions [&hellip;]"}