{"id":12460,"date":"2021-05-29T11:03:48","date_gmt":"2021-05-29T09:03:48","guid":{"rendered":"https:\/\/unitatdaran.org\/que-es-ua\/estructura\/"},"modified":"2024-11-22T13:23:56","modified_gmt":"2024-11-22T11:23:56","slug":"estructura","status":"publish","type":"page","link":"https:\/\/unitatdaran.org\/ca\/que-es-ua\/estructura\/","title":{"rendered":"Estructura"},"content":{"rendered":"\t\t<div data-elementor-type=\"wp-page\" data-elementor-id=\"12460\" class=\"elementor elementor-12460 elementor-8350\" data-elementor-post-type=\"page\">\n\t\t\t\t<div class=\"has_eae_slider elementor-element elementor-element-797209ba e-flex e-con-boxed e-con e-parent\" data-eae-slider=\"85293\" data-id=\"797209ba\" data-element_type=\"container\" data-e-type=\"container\">\n\t\t\t\t\t<div class=\"e-con-inner\">\n\t\t\t\t<div class=\"elementor-element elementor-element-573e96d1 elementor-widget elementor-widget-text-editor\" data-id=\"573e96d1\" data-element_type=\"widget\" data-e-type=\"widget\" data-widget_type=\"text-editor.default\">\n\t\t\t\t<div class=\"elementor-widget-container\">\n\t\t\t\t\t\t\t\t\t<h2 id=\"comission-executiva\">COMISSI\u00d3 EXECUTIVA<\/h2>\n<\/p>\n<p>La comissi\u00f3 executiva \u00e9s l&#8217;\u00f2rgan executiu d&#8217;Unitat d&#8217;Aran. Executa els acords del Congr\u00e9s i de l&#8217;Assemblea de Militants i rendeix comptes de la seva actuaci\u00f3 un cop a l&#8217;any en l&#8217;Assemblea de militants, aix\u00ed com prescriu l&#8217;article 15 dels Estatuts del partit. <\/p>\n<\/p>\n<p>Dins de les seves funcions s&#8217;hi troben l&#8217;aprovaci\u00f3 dels documents pol\u00edtics de l&#8217;organitzaci\u00f3 i garantir el seu funcionament, mantenir relacions amb alts grups pol\u00edtics i sindicals, dirigir i coordinar l&#8217;activitat del partit, etc.<\/p>\n<\/p>\n<figure class=\"wp-block-gallery has-nested-images columns-default is-cropped\">\n<figure class=\"wp-block-image size-large\"><img fetchpriority=\"high\" decoding=\"async\" data-recalc-dims=\"1\" height=\"336\" width=\"800\" class=\"wp-image-10007\" src=\"https:\/\/i0.wp.com\/new.unitatdaran.org\/wp-content\/uploads\/2022\/02\/Comission-Executiva-7au-Congres-UA-1024x430.jpg?resize=800%2C336&#038;ssl=1\" alt=\"\" srcset=\"https:\/\/i0.wp.com\/unitatdaran.org\/wp-content\/uploads\/2022\/02\/Comission-Executiva-7au-Congres-UA-scaled.jpg?resize=1024%2C430&amp;ssl=1 1024w, https:\/\/i0.wp.com\/unitatdaran.org\/wp-content\/uploads\/2022\/02\/Comission-Executiva-7au-Congres-UA-scaled.jpg?resize=300%2C126&amp;ssl=1 300w, https:\/\/i0.wp.com\/unitatdaran.org\/wp-content\/uploads\/2022\/02\/Comission-Executiva-7au-Congres-UA-scaled.jpg?resize=768%2C322&amp;ssl=1 768w, https:\/\/i0.wp.com\/unitatdaran.org\/wp-content\/uploads\/2022\/02\/Comission-Executiva-7au-Congres-UA-scaled.jpg?resize=1536%2C645&amp;ssl=1 1536w, https:\/\/i0.wp.com\/unitatdaran.org\/wp-content\/uploads\/2022\/02\/Comission-Executiva-7au-Congres-UA-scaled.jpg?resize=2048%2C860&amp;ssl=1 2048w, https:\/\/i0.wp.com\/unitatdaran.org\/wp-content\/uploads\/2022\/02\/Comission-Executiva-7au-Congres-UA-scaled.jpg?w=1600&amp;ssl=1 1600w, https:\/\/i0.wp.com\/unitatdaran.org\/wp-content\/uploads\/2022\/02\/Comission-Executiva-7au-Congres-UA-scaled.jpg?w=2400&amp;ssl=1 2400w\" sizes=\"(max-width: 800px) 100vw, 800px\" \/><\/figure>\n<\/p>\n<\/figure>\n<\/p>\n<p>La seva composici\u00f3 actual va ser votada per unanimitat durant el 7\u00e8 Congr\u00e9s celebrat el 11 de desembre de 2021.<\/p>\n<\/p><\/p>\n\t\t\t\t\t\t\t\t<\/div>\n\t\t\t\t<\/div>\n\t\t\t\t\t<\/div>\n\t\t\t\t<\/div>\n\t\t<div class=\"has_eae_slider elementor-element elementor-element-847ca0a e-flex e-con-boxed e-con e-parent\" data-eae-slider=\"17395\" data-id=\"847ca0a\" data-element_type=\"container\" data-e-type=\"container\">\n\t\t\t\t\t<div class=\"e-con-inner\">\n\t\t\t\t<div class=\"elementor-element elementor-element-274ff69 elementor-grid-3 elementor-grid-tablet-2 elementor-grid-mobile-1 elementor-widget elementor-widget-loop-grid\" data-id=\"274ff69\" data-element_type=\"widget\" data-e-type=\"widget\" data-settings=\"{&quot;template_id&quot;:12794,&quot;pagination_type&quot;:&quot;load_more_infinite_scroll&quot;,&quot;_skin&quot;:&quot;post&quot;,&quot;columns&quot;:&quot;3&quot;,&quot;columns_tablet&quot;:&quot;2&quot;,&quot;columns_mobile&quot;:&quot;1&quot;,&quot;edit_handle_selector&quot;:&quot;[data-elementor-type=\\&quot;loop-item\\&quot;]&quot;,&quot;load_more_spinner&quot;:{&quot;value&quot;:&quot;fas fa-spinner&quot;,&quot;library&quot;:&quot;fa-solid&quot;},&quot;row_gap&quot;:{&quot;unit&quot;:&quot;px&quot;,&quot;size&quot;:&quot;&quot;,&quot;sizes&quot;:[]},&quot;row_gap_tablet&quot;:{&quot;unit&quot;:&quot;px&quot;,&quot;size&quot;:&quot;&quot;,&quot;sizes&quot;:[]},&quot;row_gap_mobile&quot;:{&quot;unit&quot;:&quot;px&quot;,&quot;size&quot;:&quot;&quot;,&quot;sizes&quot;:[]}}\" data-widget_type=\"loop-grid.post\">\n\t\t\t\t<div class=\"elementor-widget-container\">\n\t\t\t\t\t\t\t<div class=\"elementor-loop-container elementor-grid\" role=\"list\">\n\t\t<style id=\"loop-12794\">.elementor-12794 .elementor-element.elementor-element-4812230{--display:flex;--flex-direction:column;--container-widget-width:100%;--container-widget-height:initial;--container-widget-flex-grow:0;--container-widget-align-self:initial;--flex-wrap-mobile:wrap;border-style:solid;--border-style:solid;border-width:8px 0px 0px 0px;--border-top-width:8px;--border-right-width:0px;--border-bottom-width:0px;--border-left-width:0px;border-color:var( --e-global-color-primary );--border-color:var( --e-global-color-primary );--border-radius:8px 8px 8px 8px;box-shadow:0px 0px 5px 0px rgba(0, 0, 0, 0.25);}.elementor-12794 .elementor-element.elementor-element-4812230:not(.elementor-motion-effects-element-type-background), .elementor-12794 .elementor-element.elementor-element-4812230 > .elementor-motion-effects-container > .elementor-motion-effects-layer{background-color:var( --e-global-color-a7db99f );}.elementor-widget-heading .elementor-heading-title{font-family:var( --e-global-typography-primary-font-family ), Sans-serif;font-weight:var( --e-global-typography-primary-font-weight );color:var( --e-global-color-primary );}.elementor-12794 .elementor-element.elementor-element-00bcda1{text-align:center;}.elementor-12794 .elementor-element.elementor-element-00bcda1 .elementor-heading-title{font-family:\"Roboto\", Sans-serif;font-size:26px;font-weight:600;color:var( --e-global-color-primary );}.elementor-12794 .elementor-element.elementor-element-3a8bfee{text-align:center;}.elementor-12794 .elementor-element.elementor-element-3a8bfee .elementor-heading-title{font-family:\"Roboto Slab\", Sans-serif;font-size:18px;font-weight:400;color:var( --e-global-color-text );}.elementor-12794 .elementor-element.elementor-element-0e56286{text-align:center;}.elementor-12794 .elementor-element.elementor-element-0e56286 .elementor-heading-title{font-family:\"Roboto\", Sans-serif;font-size:18px;font-weight:600;color:var( --e-global-color-primary );}.elementor-widget-text-editor{font-family:var( --e-global-typography-text-font-family ), Sans-serif;font-weight:var( --e-global-typography-text-font-weight );color:var( --e-global-color-text );}.elementor-widget-text-editor.elementor-drop-cap-view-stacked .elementor-drop-cap{background-color:var( --e-global-color-primary );}.elementor-widget-text-editor.elementor-drop-cap-view-framed .elementor-drop-cap, .elementor-widget-text-editor.elementor-drop-cap-view-default .elementor-drop-cap{color:var( --e-global-color-primary );border-color:var( --e-global-color-primary );}.elementor-12794 .elementor-element.elementor-element-e83283b{text-align:center;font-family:\"Roboto\", Sans-serif;font-size:15px;font-weight:400;}<\/style>\t\t<div data-elementor-type=\"loop-item\" data-elementor-id=\"12794\" class=\"elementor elementor-12794 elementor-12787 elementor-12787 e-loop-item e-loop-item-12706 post-12706 secretaria type-secretaria status-publish hentry\" data-elementor-post-type=\"elementor_library\" data-custom-edit-handle=\"1\">\n\t\t\t<div class=\"has_eae_slider elementor-element elementor-element-4812230 e-con-full e-flex e-con e-parent\" data-eae-slider=\"6819\" data-id=\"4812230\" data-element_type=\"container\" data-e-type=\"container\" data-settings=\"{&quot;background_background&quot;:&quot;classic&quot;}\">\n\t\t\t\t<div class=\"elementor-element elementor-element-00bcda1 elementor-widget elementor-widget-heading\" data-id=\"00bcda1\" data-element_type=\"widget\" data-e-type=\"widget\" data-widget_type=\"heading.default\">\n\t\t\t\t<div class=\"elementor-widget-container\">\n\t\t\t\t\t<h2 class=\"elementor-heading-title elementor-size-default\">Arturo Calbet\u00f3 Calbet\u00f3<\/h2>\t\t\t\t<\/div>\n\t\t\t\t<\/div>\n\t\t\t\t<div class=\"elementor-element elementor-element-3a8bfee elementor-widget elementor-widget-heading\" data-id=\"3a8bfee\" data-element_type=\"widget\" data-e-type=\"widget\" data-widget_type=\"heading.default\">\n\t\t\t\t<div class=\"elementor-widget-container\">\n\t\t\t\t\t<h2 class=\"elementor-heading-title elementor-size-default\">President d'honor<\/h2>\t\t\t\t<\/div>\n\t\t\t\t<\/div>\n\t\t\t\t<div class=\"elementor-element elementor-element-0e56286 elementor-widget elementor-widget-heading\" data-id=\"0e56286\" data-element_type=\"widget\" data-e-type=\"widget\" data-widget_type=\"heading.default\">\n\t\t\t\t<div class=\"elementor-widget-container\">\n\t\t\t\t\t<h2 class=\"elementor-heading-title elementor-size-default\">C\u00c0RRECS<\/h2>\t\t\t\t<\/div>\n\t\t\t\t<\/div>\n\t\t\t\t<\/div>\n\t\t\t\t<\/div>\n\t\t\t\t<div data-elementor-type=\"loop-item\" data-elementor-id=\"12794\" class=\"elementor elementor-12794 elementor-12787 elementor-12787 e-loop-item e-loop-item-12708 post-12708 secretaria type-secretaria status-publish hentry\" data-elementor-post-type=\"elementor_library\" data-custom-edit-handle=\"1\">\n\t\t\t<div class=\"has_eae_slider elementor-element elementor-element-4812230 e-con-full e-flex e-con e-parent\" data-eae-slider=\"6819\" data-id=\"4812230\" data-element_type=\"container\" data-e-type=\"container\" data-settings=\"{&quot;background_background&quot;:&quot;classic&quot;}\">\n\t\t\t\t<div class=\"elementor-element elementor-element-00bcda1 elementor-widget elementor-widget-heading\" data-id=\"00bcda1\" data-element_type=\"widget\" data-e-type=\"widget\" data-widget_type=\"heading.default\">\n\t\t\t\t<div class=\"elementor-widget-container\">\n\t\t\t\t\t<h2 class=\"elementor-heading-title elementor-size-default\">Franc\u00e9s Boya Al\u00f3s<\/h2>\t\t\t\t<\/div>\n\t\t\t\t<\/div>\n\t\t\t\t<div class=\"elementor-element elementor-element-3a8bfee elementor-widget elementor-widget-heading\" data-id=\"3a8bfee\" data-element_type=\"widget\" data-e-type=\"widget\" data-widget_type=\"heading.default\">\n\t\t\t\t<div class=\"elementor-widget-container\">\n\t\t\t\t\t<h2 class=\"elementor-heading-title elementor-size-default\">President<\/h2>\t\t\t\t<\/div>\n\t\t\t\t<\/div>\n\t\t\t\t<div class=\"elementor-element elementor-element-0e56286 elementor-widget elementor-widget-heading\" data-id=\"0e56286\" data-element_type=\"widget\" data-e-type=\"widget\" data-widget_type=\"heading.default\">\n\t\t\t\t<div class=\"elementor-widget-container\">\n\t\t\t\t\t<h2 class=\"elementor-heading-title elementor-size-default\">C\u00c0RRECS<\/h2>\t\t\t\t<\/div>\n\t\t\t\t<\/div>\n\t\t\t\t<div class=\"elementor-element elementor-element-e83283b elementor-widget elementor-widget-text-editor\" data-id=\"e83283b\" data-element_type=\"widget\" data-e-type=\"widget\" data-widget_type=\"text-editor.default\">\n\t\t\t\t<div class=\"elementor-widget-container\">\n\t\t\t\t\t\t\t\t\t<p>Secretari General per al Repte Demogr\u00e0fic Ministeri per a la Transici\u00f3 Ecol\u00f2gica i el Repte Demogr\u00e0fic<\/p>\n\t\t\t\t\t\t\t\t<\/div>\n\t\t\t\t<\/div>\n\t\t\t\t<\/div>\n\t\t\t\t<\/div>\n\t\t\t\t<div data-elementor-type=\"loop-item\" data-elementor-id=\"12794\" class=\"elementor elementor-12794 elementor-12787 elementor-12787 e-loop-item e-loop-item-12740 post-12740 secretaria type-secretaria status-publish hentry\" data-elementor-post-type=\"elementor_library\" data-custom-edit-handle=\"1\">\n\t\t\t<div class=\"has_eae_slider elementor-element elementor-element-4812230 e-con-full e-flex e-con e-parent\" data-eae-slider=\"6819\" data-id=\"4812230\" data-element_type=\"container\" data-e-type=\"container\" data-settings=\"{&quot;background_background&quot;:&quot;classic&quot;}\">\n\t\t\t\t<div class=\"elementor-element elementor-element-00bcda1 elementor-widget elementor-widget-heading\" data-id=\"00bcda1\" data-element_type=\"widget\" data-e-type=\"widget\" data-widget_type=\"heading.default\">\n\t\t\t\t<div class=\"elementor-widget-container\">\n\t\t\t\t\t<h2 class=\"elementor-heading-title elementor-size-default\">Maria Verg\u00e9s P\u00e9rez<\/h2>\t\t\t\t<\/div>\n\t\t\t\t<\/div>\n\t\t\t\t<div class=\"elementor-element elementor-element-3a8bfee elementor-widget elementor-widget-heading\" data-id=\"3a8bfee\" data-element_type=\"widget\" data-e-type=\"widget\" data-widget_type=\"heading.default\">\n\t\t\t\t<div class=\"elementor-widget-container\">\n\t\t\t\t\t<h2 class=\"elementor-heading-title elementor-size-default\">Secret\u00e0ria General<\/h2>\t\t\t\t<\/div>\n\t\t\t\t<\/div>\n\t\t\t\t<div class=\"elementor-element elementor-element-0e56286 elementor-widget elementor-widget-heading\" data-id=\"0e56286\" data-element_type=\"widget\" data-e-type=\"widget\" data-widget_type=\"heading.default\">\n\t\t\t\t<div class=\"elementor-widget-container\">\n\t\t\t\t\t<h2 class=\"elementor-heading-title elementor-size-default\">C\u00c0RRECS<\/h2>\t\t\t\t<\/div>\n\t\t\t\t<\/div>\n\t\t\t\t<div class=\"elementor-element elementor-element-e83283b elementor-widget elementor-widget-text-editor\" data-id=\"e83283b\" data-element_type=\"widget\" data-e-type=\"widget\" data-widget_type=\"text-editor.default\">\n\t\t\t\t<div class=\"elementor-widget-container\">\n\t\t\t\t\t\t\t\t\t<div class=\"tmm_desc\">\n<p>S\u00edndica d&#8217;Aran<\/p>\n<\/div>\n\t\t\t\t\t\t\t\t<\/div>\n\t\t\t\t<\/div>\n\t\t\t\t<\/div>\n\t\t\t\t<\/div>\n\t\t\t\t<div data-elementor-type=\"loop-item\" data-elementor-id=\"12794\" class=\"elementor elementor-12794 elementor-12787 elementor-12787 e-loop-item e-loop-item-12742 post-12742 secretaria type-secretaria status-publish hentry\" data-elementor-post-type=\"elementor_library\" data-custom-edit-handle=\"1\">\n\t\t\t<div class=\"has_eae_slider elementor-element elementor-element-4812230 e-con-full e-flex e-con e-parent\" data-eae-slider=\"6819\" data-id=\"4812230\" data-element_type=\"container\" data-e-type=\"container\" data-settings=\"{&quot;background_background&quot;:&quot;classic&quot;}\">\n\t\t\t\t<div class=\"elementor-element elementor-element-00bcda1 elementor-widget elementor-widget-heading\" data-id=\"00bcda1\" data-element_type=\"widget\" data-e-type=\"widget\" data-widget_type=\"heading.default\">\n\t\t\t\t<div class=\"elementor-widget-container\">\n\t\t\t\t\t<h2 class=\"elementor-heading-title elementor-size-default\">Amador Marqu\u00e9s At\u00e9s<\/h2>\t\t\t\t<\/div>\n\t\t\t\t<\/div>\n\t\t\t\t<div class=\"elementor-element elementor-element-3a8bfee elementor-widget elementor-widget-heading\" data-id=\"3a8bfee\" data-element_type=\"widget\" data-e-type=\"widget\" data-widget_type=\"heading.default\">\n\t\t\t\t<div class=\"elementor-widget-container\">\n\t\t\t\t\t<h2 class=\"elementor-heading-title elementor-size-default\">Vicesecretari General<\/h2>\t\t\t\t<\/div>\n\t\t\t\t<\/div>\n\t\t\t\t<div class=\"elementor-element elementor-element-0e56286 elementor-widget elementor-widget-heading\" data-id=\"0e56286\" data-element_type=\"widget\" data-e-type=\"widget\" data-widget_type=\"heading.default\">\n\t\t\t\t<div class=\"elementor-widget-container\">\n\t\t\t\t\t<h2 class=\"elementor-heading-title elementor-size-default\">C\u00c0RRECS<\/h2>\t\t\t\t<\/div>\n\t\t\t\t<\/div>\n\t\t\t\t<div class=\"elementor-element elementor-element-e83283b elementor-widget elementor-widget-text-editor\" data-id=\"e83283b\" data-element_type=\"widget\" data-e-type=\"widget\" data-widget_type=\"text-editor.default\">\n\t\t\t\t<div class=\"elementor-widget-container\">\n\t\t\t\t\t\t\t\t\t<p>Diputat al Congr\u00e9s dels Diputats<\/p>\n\t\t\t\t\t\t\t\t<\/div>\n\t\t\t\t<\/div>\n\t\t\t\t<\/div>\n\t\t\t\t<\/div>\n\t\t\t\t<div data-elementor-type=\"loop-item\" data-elementor-id=\"12794\" class=\"elementor elementor-12794 elementor-12787 elementor-12787 e-loop-item e-loop-item-12744 post-12744 secretaria type-secretaria status-publish hentry\" data-elementor-post-type=\"elementor_library\" data-custom-edit-handle=\"1\">\n\t\t\t<div class=\"has_eae_slider elementor-element elementor-element-4812230 e-con-full e-flex e-con e-parent\" data-eae-slider=\"6819\" data-id=\"4812230\" data-element_type=\"container\" data-e-type=\"container\" data-settings=\"{&quot;background_background&quot;:&quot;classic&quot;}\">\n\t\t\t\t<div class=\"elementor-element elementor-element-00bcda1 elementor-widget elementor-widget-heading\" data-id=\"00bcda1\" data-element_type=\"widget\" data-e-type=\"widget\" data-widget_type=\"heading.default\">\n\t\t\t\t<div class=\"elementor-widget-container\">\n\t\t\t\t\t<h2 class=\"elementor-heading-title elementor-size-default\">Marc Tarrau Leja<\/h2>\t\t\t\t<\/div>\n\t\t\t\t<\/div>\n\t\t\t\t<div class=\"elementor-element elementor-element-3a8bfee elementor-widget elementor-widget-heading\" data-id=\"3a8bfee\" data-element_type=\"widget\" data-e-type=\"widget\" data-widget_type=\"heading.default\">\n\t\t\t\t<div class=\"elementor-widget-container\">\n\t\t\t\t\t<h2 class=\"elementor-heading-title elementor-size-default\">Secretari d'Organitzaci\u00f3<\/h2>\t\t\t\t<\/div>\n\t\t\t\t<\/div>\n\t\t\t\t<div class=\"elementor-element elementor-element-0e56286 elementor-widget elementor-widget-heading\" data-id=\"0e56286\" data-element_type=\"widget\" data-e-type=\"widget\" data-widget_type=\"heading.default\">\n\t\t\t\t<div class=\"elementor-widget-container\">\n\t\t\t\t\t<h2 class=\"elementor-heading-title elementor-size-default\">C\u00c0RRECS<\/h2>\t\t\t\t<\/div>\n\t\t\t\t<\/div>\n\t\t\t\t<div class=\"elementor-element elementor-element-e83283b elementor-widget elementor-widget-text-editor\" data-id=\"e83283b\" data-element_type=\"widget\" data-e-type=\"widget\" data-widget_type=\"text-editor.default\">\n\t\t\t\t<div class=\"elementor-widget-container\">\n\t\t\t\t\t\t\t\t\t<p>Regidor i cap de la oposici\u00f3 a l&#8217;Ajuntament de Naut Aran<\/p>\n\t\t\t\t\t\t\t\t<\/div>\n\t\t\t\t<\/div>\n\t\t\t\t<\/div>\n\t\t\t\t<\/div>\n\t\t\t\t<div data-elementor-type=\"loop-item\" data-elementor-id=\"12794\" class=\"elementor elementor-12794 elementor-12787 elementor-12787 e-loop-item e-loop-item-12746 post-12746 secretaria type-secretaria status-publish hentry\" data-elementor-post-type=\"elementor_library\" data-custom-edit-handle=\"1\">\n\t\t\t<div class=\"has_eae_slider elementor-element elementor-element-4812230 e-con-full e-flex e-con e-parent\" data-eae-slider=\"6819\" data-id=\"4812230\" data-element_type=\"container\" data-e-type=\"container\" data-settings=\"{&quot;background_background&quot;:&quot;classic&quot;}\">\n\t\t\t\t<div class=\"elementor-element elementor-element-00bcda1 elementor-widget elementor-widget-heading\" data-id=\"00bcda1\" data-element_type=\"widget\" data-e-type=\"widget\" data-widget_type=\"heading.default\">\n\t\t\t\t<div class=\"elementor-widget-container\">\n\t\t\t\t\t<h2 class=\"elementor-heading-title elementor-size-default\">Alberto L\u00f3pez L\u00f3pez<\/h2>\t\t\t\t<\/div>\n\t\t\t\t<\/div>\n\t\t\t\t<div class=\"elementor-element elementor-element-3a8bfee elementor-widget elementor-widget-heading\" data-id=\"3a8bfee\" data-element_type=\"widget\" data-e-type=\"widget\" data-widget_type=\"heading.default\">\n\t\t\t\t<div class=\"elementor-widget-container\">\n\t\t\t\t\t<h2 class=\"elementor-heading-title elementor-size-default\">Secretari d'Acci\u00f3 pol\u00edtica<\/h2>\t\t\t\t<\/div>\n\t\t\t\t<\/div>\n\t\t\t\t<div class=\"elementor-element elementor-element-0e56286 elementor-widget elementor-widget-heading\" data-id=\"0e56286\" data-element_type=\"widget\" data-e-type=\"widget\" data-widget_type=\"heading.default\">\n\t\t\t\t<div class=\"elementor-widget-container\">\n\t\t\t\t\t<h2 class=\"elementor-heading-title elementor-size-default\">C\u00c0RRECS<\/h2>\t\t\t\t<\/div>\n\t\t\t\t<\/div>\n\t\t\t\t<div class=\"elementor-element elementor-element-e83283b elementor-widget elementor-widget-text-editor\" data-id=\"e83283b\" data-element_type=\"widget\" data-e-type=\"widget\" data-widget_type=\"text-editor.default\">\n\t\t\t\t<div class=\"elementor-widget-container\">\n\t\t\t\t\t\t\t\t\t<p>2on Tinent Alcalde i regidor d&#8217;Administraci\u00f3 P\u00fablica, Economia i Hisenda, Ensenyament i Comunicaci\u00f3 a l&#8217;Ajuntament de Vielha e Mijaran<\/p>\n\t\t\t\t\t\t\t\t<\/div>\n\t\t\t\t<\/div>\n\t\t\t\t<\/div>\n\t\t\t\t<\/div>\n\t\t\t\t<\/div>\n\t\t\t\t\t<span class=\"e-load-more-spinner\">\n\t\t\t\t<i aria-hidden=\"true\" class=\"fas fa-spinner\"><\/i>\t\t\t<\/span>\n\t\t\n\t\t\t\t<div class=\"e-load-more-anchor\" data-page=\"1\" data-max-page=\"4\" data-next-page=\"https:\/\/unitatdaran.org\/ca\/wp-json\/wp\/v2\/pages\/12460\/page\/2\/\"><\/div>\n\t\t\t\t<div class=\"e-load-more-message\"><\/div>\n\t\t\t\t\t\t<\/div>\n\t\t\t\t<\/div>\n\t\t\t\t\t<\/div>\n\t\t\t\t<\/div>\n\t\t\t\t<\/div>\n\t\t","protected":false},"excerpt":{"rendered":"<p>COMISSI\u00d3 EXECUTIVA La comissi\u00f3 executiva \u00e9s l&#8217;\u00f2rgan executiu d&#8217;Unitat d&#8217;Aran. Executa els acords del Congr\u00e9s i de l&#8217;Assemblea de Militants i rendeix comptes de la seva actuaci\u00f3 un cop a l&#8217;any en l&#8217;Assemblea de militants, aix\u00ed com prescriu l&#8217;article 15 dels Estatuts del partit. Dins de les seves funcions s&#8217;hi troben l&#8217;aprovaci\u00f3 dels documents pol\u00edtics [&hellip;]<\/p>\n","protected":false},"author":1,"featured_media":0,"parent":12343,"menu_order":2,"comment_status":"closed","ping_status":"closed","template":"","meta":{"_acf_changed":false,"footnotes":""},"class_list":["post-12460","page","type-page","status-publish","hentry"],"acf":[],"yoast_head":"<!-- This site is optimized with the Yoast SEO plugin v27.5 - https:\/\/yoast.com\/product\/yoast-seo-wordpress\/ -->\n<title>Estructura - Unitat d&#039;Aran<\/title>\n<meta name=\"robots\" content=\"index, follow, max-snippet:-1, max-image-preview:large, max-video-preview:-1\" \/>\n<link rel=\"canonical\" href=\"https:\/\/unitatdaran.org\/ca\/que-es-ua\/estructura\/\" \/>\n<meta property=\"og:locale\" content=\"ca_ES\" \/>\n<meta property=\"og:type\" content=\"article\" \/>\n<meta property=\"og:title\" content=\"Estructura - Unitat d&#039;Aran\" \/>\n<meta property=\"og:description\" content=\"COMISSI\u00d3 EXECUTIVA La comissi\u00f3 executiva \u00e9s l&#8217;\u00f2rgan executiu d&#8217;Unitat d&#8217;Aran. Executa els acords del Congr\u00e9s i de l&#8217;Assemblea de Militants i rendeix comptes de la seva actuaci\u00f3 un cop a l&#8217;any en l&#8217;Assemblea de militants, aix\u00ed com prescriu l&#8217;article 15 dels Estatuts del partit. Dins de les seves funcions s&#8217;hi troben l&#8217;aprovaci\u00f3 dels documents pol\u00edtics [&hellip;]\" \/>\n<meta property=\"og:url\" content=\"https:\/\/unitatdaran.org\/ca\/que-es-ua\/estructura\/\" \/>\n<meta property=\"og:site_name\" content=\"Unitat d&#039;Aran\" \/>\n<meta property=\"article:publisher\" content=\"https:\/\/www.facebook.com\/UnitatAran\" \/>\n<meta property=\"article:modified_time\" content=\"2024-11-22T11:23:56+00:00\" \/>\n<meta property=\"og:image\" content=\"https:\/\/new.unitatdaran.org\/wp-content\/uploads\/2022\/02\/Comission-Executiva-7au-Congres-UA-1024x430.jpg\" \/>\n<meta name=\"twitter:card\" content=\"summary_large_image\" \/>\n<meta name=\"twitter:site\" content=\"@unitatdaran\" \/>\n<script type=\"application\/ld+json\" class=\"yoast-schema-graph\">{\"@context\":\"https:\\\/\\\/schema.org\",\"@graph\":[{\"@type\":\"WebPage\",\"@id\":\"https:\\\/\\\/unitatdaran.org\\\/ca\\\/que-es-ua\\\/estructura\\\/\",\"url\":\"https:\\\/\\\/unitatdaran.org\\\/ca\\\/que-es-ua\\\/estructura\\\/\",\"name\":\"Estructura - Unitat d'Aran\",\"isPartOf\":{\"@id\":\"https:\\\/\\\/unitatdaran.org\\\/ca\\\/#website\"},\"primaryImageOfPage\":{\"@id\":\"https:\\\/\\\/unitatdaran.org\\\/ca\\\/que-es-ua\\\/estructura\\\/#primaryimage\"},\"image\":{\"@id\":\"https:\\\/\\\/unitatdaran.org\\\/ca\\\/que-es-ua\\\/estructura\\\/#primaryimage\"},\"thumbnailUrl\":\"https:\\\/\\\/new.unitatdaran.org\\\/wp-content\\\/uploads\\\/2022\\\/02\\\/Comission-Executiva-7au-Congres-UA-1024x430.jpg\",\"datePublished\":\"2021-05-29T09:03:48+00:00\",\"dateModified\":\"2024-11-22T11:23:56+00:00\",\"breadcrumb\":{\"@id\":\"https:\\\/\\\/unitatdaran.org\\\/ca\\\/que-es-ua\\\/estructura\\\/#breadcrumb\"},\"inLanguage\":\"ca\",\"potentialAction\":[{\"@type\":\"ReadAction\",\"target\":[\"https:\\\/\\\/unitatdaran.org\\\/ca\\\/que-es-ua\\\/estructura\\\/\"]}]},{\"@type\":\"ImageObject\",\"inLanguage\":\"ca\",\"@id\":\"https:\\\/\\\/unitatdaran.org\\\/ca\\\/que-es-ua\\\/estructura\\\/#primaryimage\",\"url\":\"https:\\\/\\\/new.unitatdaran.org\\\/wp-content\\\/uploads\\\/2022\\\/02\\\/Comission-Executiva-7au-Congres-UA-1024x430.jpg\",\"contentUrl\":\"https:\\\/\\\/new.unitatdaran.org\\\/wp-content\\\/uploads\\\/2022\\\/02\\\/Comission-Executiva-7au-Congres-UA-1024x430.jpg\"},{\"@type\":\"BreadcrumbList\",\"@id\":\"https:\\\/\\\/unitatdaran.org\\\/ca\\\/que-es-ua\\\/estructura\\\/#breadcrumb\",\"itemListElement\":[{\"@type\":\"ListItem\",\"position\":1,\"name\":\"Qu\u00e8 \u00e9s UA?\",\"item\":\"https:\\\/\\\/unitatdaran.org\\\/ca\\\/que-es-ua\\\/\"},{\"@type\":\"ListItem\",\"position\":2,\"name\":\"Estructura\"}]},{\"@type\":\"WebSite\",\"@id\":\"https:\\\/\\\/unitatdaran.org\\\/ca\\\/#website\",\"url\":\"https:\\\/\\\/unitatdaran.org\\\/ca\\\/\",\"name\":\"Unitat d'Aran\",\"description\":\" El nostre projecte \u00e9s Aran. Aran ets tu\",\"publisher\":{\"@id\":\"https:\\\/\\\/unitatdaran.org\\\/ca\\\/#organization\"},\"potentialAction\":[{\"@type\":\"SearchAction\",\"target\":{\"@type\":\"EntryPoint\",\"urlTemplate\":\"https:\\\/\\\/unitatdaran.org\\\/ca\\\/?s={search_term_string}\"},\"query-input\":{\"@type\":\"PropertyValueSpecification\",\"valueRequired\":true,\"valueName\":\"search_term_string\"}}],\"inLanguage\":\"ca\"},{\"@type\":\"Organization\",\"@id\":\"https:\\\/\\\/unitatdaran.org\\\/ca\\\/#organization\",\"name\":\"Unitat d'Aran\",\"url\":\"https:\\\/\\\/unitatdaran.org\\\/ca\\\/\",\"logo\":{\"@type\":\"ImageObject\",\"inLanguage\":\"ca\",\"@id\":\"https:\\\/\\\/unitatdaran.org\\\/ca\\\/#\\\/schema\\\/logo\\\/image\\\/\",\"url\":\"https:\\\/\\\/i0.wp.com\\\/unitatdaran.org\\\/wp-content\\\/uploads\\\/2021\\\/11\\\/logo.png?fit=2000%2C539&ssl=1\",\"contentUrl\":\"https:\\\/\\\/i0.wp.com\\\/unitatdaran.org\\\/wp-content\\\/uploads\\\/2021\\\/11\\\/logo.png?fit=2000%2C539&ssl=1\",\"width\":2000,\"height\":539,\"caption\":\"Unitat d'Aran\"},\"image\":{\"@id\":\"https:\\\/\\\/unitatdaran.org\\\/ca\\\/#\\\/schema\\\/logo\\\/image\\\/\"},\"sameAs\":[\"https:\\\/\\\/www.facebook.com\\\/UnitatAran\",\"https:\\\/\\\/x.com\\\/unitatdaran\",\"https:\\\/\\\/instagram.com\\\/unitataran\"]}]}<\/script>\n<!-- \/ Yoast SEO plugin. -->","yoast_head_json":{"title":"Estructura - Unitat d'Aran","robots":{"index":"index","follow":"follow","max-snippet":"max-snippet:-1","max-image-preview":"max-image-preview:large","max-video-preview":"max-video-preview:-1"},"canonical":"https:\/\/unitatdaran.org\/ca\/que-es-ua\/estructura\/","og_locale":"ca_ES","og_type":"article","og_title":"Estructura - Unitat d'Aran","og_description":"COMISSI\u00d3 EXECUTIVA La comissi\u00f3 executiva \u00e9s l&#8217;\u00f2rgan executiu d&#8217;Unitat d&#8217;Aran. Executa els acords del Congr\u00e9s i de l&#8217;Assemblea de Militants i rendeix comptes de la seva actuaci\u00f3 un cop a l&#8217;any en l&#8217;Assemblea de militants, aix\u00ed com prescriu l&#8217;article 15 dels Estatuts del partit. Dins de les seves funcions s&#8217;hi troben l&#8217;aprovaci\u00f3 dels documents pol\u00edtics [&hellip;]","og_url":"https:\/\/unitatdaran.org\/ca\/que-es-ua\/estructura\/","og_site_name":"Unitat d'Aran","article_publisher":"https:\/\/www.facebook.com\/UnitatAran","article_modified_time":"2024-11-22T11:23:56+00:00","og_image":[{"url":"https:\/\/new.unitatdaran.org\/wp-content\/uploads\/2022\/02\/Comission-Executiva-7au-Congres-UA-1024x430.jpg","type":"","width":"","height":""}],"twitter_card":"summary_large_image","twitter_site":"@unitatdaran","schema":{"@context":"https:\/\/schema.org","@graph":[{"@type":"WebPage","@id":"https:\/\/unitatdaran.org\/ca\/que-es-ua\/estructura\/","url":"https:\/\/unitatdaran.org\/ca\/que-es-ua\/estructura\/","name":"Estructura - Unitat d'Aran","isPartOf":{"@id":"https:\/\/unitatdaran.org\/ca\/#website"},"primaryImageOfPage":{"@id":"https:\/\/unitatdaran.org\/ca\/que-es-ua\/estructura\/#primaryimage"},"image":{"@id":"https:\/\/unitatdaran.org\/ca\/que-es-ua\/estructura\/#primaryimage"},"thumbnailUrl":"https:\/\/new.unitatdaran.org\/wp-content\/uploads\/2022\/02\/Comission-Executiva-7au-Congres-UA-1024x430.jpg","datePublished":"2021-05-29T09:03:48+00:00","dateModified":"2024-11-22T11:23:56+00:00","breadcrumb":{"@id":"https:\/\/unitatdaran.org\/ca\/que-es-ua\/estructura\/#breadcrumb"},"inLanguage":"ca","potentialAction":[{"@type":"ReadAction","target":["https:\/\/unitatdaran.org\/ca\/que-es-ua\/estructura\/"]}]},{"@type":"ImageObject","inLanguage":"ca","@id":"https:\/\/unitatdaran.org\/ca\/que-es-ua\/estructura\/#primaryimage","url":"https:\/\/new.unitatdaran.org\/wp-content\/uploads\/2022\/02\/Comission-Executiva-7au-Congres-UA-1024x430.jpg","contentUrl":"https:\/\/new.unitatdaran.org\/wp-content\/uploads\/2022\/02\/Comission-Executiva-7au-Congres-UA-1024x430.jpg"},{"@type":"BreadcrumbList","@id":"https:\/\/unitatdaran.org\/ca\/que-es-ua\/estructura\/#breadcrumb","itemListElement":[{"@type":"ListItem","position":1,"name":"Qu\u00e8 \u00e9s UA?","item":"https:\/\/unitatdaran.org\/ca\/que-es-ua\/"},{"@type":"ListItem","position":2,"name":"Estructura"}]},{"@type":"WebSite","@id":"https:\/\/unitatdaran.org\/ca\/#website","url":"https:\/\/unitatdaran.org\/ca\/","name":"Unitat d'Aran","description":" El nostre projecte \u00e9s Aran. Aran ets tu","publisher":{"@id":"https:\/\/unitatdaran.org\/ca\/#organization"},"potentialAction":[{"@type":"SearchAction","target":{"@type":"EntryPoint","urlTemplate":"https:\/\/unitatdaran.org\/ca\/?s={search_term_string}"},"query-input":{"@type":"PropertyValueSpecification","valueRequired":true,"valueName":"search_term_string"}}],"inLanguage":"ca"},{"@type":"Organization","@id":"https:\/\/unitatdaran.org\/ca\/#organization","name":"Unitat d'Aran","url":"https:\/\/unitatdaran.org\/ca\/","logo":{"@type":"ImageObject","inLanguage":"ca","@id":"https:\/\/unitatdaran.org\/ca\/#\/schema\/logo\/image\/","url":"https:\/\/i0.wp.com\/unitatdaran.org\/wp-content\/uploads\/2021\/11\/logo.png?fit=2000%2C539&ssl=1","contentUrl":"https:\/\/i0.wp.com\/unitatdaran.org\/wp-content\/uploads\/2021\/11\/logo.png?fit=2000%2C539&ssl=1","width":2000,"height":539,"caption":"Unitat d'Aran"},"image":{"@id":"https:\/\/unitatdaran.org\/ca\/#\/schema\/logo\/image\/"},"sameAs":["https:\/\/www.facebook.com\/UnitatAran","https:\/\/x.com\/unitatdaran","https:\/\/instagram.com\/unitataran"]}]}},"jetpack_sharing_enabled":true,"_links":{"self":[{"href":"https:\/\/unitatdaran.org\/ca\/wp-json\/wp\/v2\/pages\/12460","targetHints":{"allow":["GET"]}}],"collection":[{"href":"https:\/\/unitatdaran.org\/ca\/wp-json\/wp\/v2\/pages"}],"about":[{"href":"https:\/\/unitatdaran.org\/ca\/wp-json\/wp\/v2\/types\/page"}],"author":[{"embeddable":true,"href":"https:\/\/unitatdaran.org\/ca\/wp-json\/wp\/v2\/users\/1"}],"replies":[{"embeddable":true,"href":"https:\/\/unitatdaran.org\/ca\/wp-json\/wp\/v2\/comments?post=12460"}],"version-history":[{"count":2,"href":"https:\/\/unitatdaran.org\/ca\/wp-json\/wp\/v2\/pages\/12460\/revisions"}],"predecessor-version":[{"id":12820,"href":"https:\/\/unitatdaran.org\/ca\/wp-json\/wp\/v2\/pages\/12460\/revisions\/12820"}],"up":[{"embeddable":true,"href":"https:\/\/unitatdaran.org\/ca\/wp-json\/wp\/v2\/pages\/12343"}],"wp:attachment":[{"href":"https:\/\/unitatdaran.org\/ca\/wp-json\/wp\/v2\/media?parent=12460"}],"curies":[{"name":"wp","href":"https:\/\/api.w.org\/{rel}","templated":true}]}}